{"id":19057,"date":"2020-09-28T12:07:07","date_gmt":"2020-09-28T16:07:07","guid":{"rendered":"https:\/\/www.simonssearchlight.org\/proceso-de-investigacion\/trastornos-geneticos-que-estudiamos\/deaf1\/"},"modified":"2026-04-06T13:31:37","modified_gmt":"2026-04-06T17:31:37","slug":"deaf1","status":"publish","type":"page","link":"https:\/\/www.simonssearchlight.org\/es\/proceso-de-investigacion\/trastornos-geneticos-que-estudiamos\/deaf1\/","title":{"rendered":"DEAF1"},"content":{"rendered":"<p><span style=\"font-weight: 400;\">La informaci\u00f3n para este resumen de <\/span><strong>S\u00edndrome relacionado con la DEAF1<\/strong><span style=\"font-weight: 400;\">  procede de publicaciones de investigaci\u00f3n. Esto no pretende sustituir el asesoramiento m\u00e9dico. <\/span><\/p>\n<p><a href=\"https:\/\/www.simonssearchlight.org\/es\/gene-guide\/sindrome-relacionado-con-la-deaf1\/\" target=\"_blank\" rel=\"noopener\"><strong>Haz clic aqu\u00ed para consultar nuestra Gu\u00eda completa del gen DEAF1  <\/strong><\/a><\/p>\n<p>La Gu\u00eda Gen\u00e9tica online incluye m\u00e1s informaci\u00f3n sobre <span class=\"notranslate\">la DEAF1<\/span>, como la probabilidad de tener otro hijo con esta afecci\u00f3n, los problemas de comportamiento y desarrollo <span class=\"notranslate\">relacionados<\/span> con el s\u00edndrome <span class=\"notranslate\">DEAF1<\/span> o los especialistas a tener en cuenta para las personas con esta afecci\u00f3n. Comparta este recurso con los miembros de su familia o con sus proveedores cl\u00ednicos.<\/p>\n<p><strong>S\u00edndrome relacionado con la DEAF1<\/strong><span style=\"font-weight: 400;\"> tambi\u00e9n se denomina <\/span><strong>s\u00edndrome de Vulto-van Silfhout-de Vries<\/strong><span style=\"font-weight: 400;\">.<\/span> <span style=\"font-weight: 400;\">En esta p\u00e1gina web utilizaremos el nombre <\/span><strong>s\u00edndrome relacionado con la DEAF1<\/strong><span style=\"font-weight: 400;\"> para englobar la amplia gama de variantes observadas en las personas identificadas.<\/span><\/p>\n","protected":false},"excerpt":{"rendered":"<p>La informaci\u00f3n para este resumen de S\u00edndrome relacionado con la DEAF1 procede de publicaciones de investigaci\u00f3n. Esto no pretende sustituir el asesoramiento m\u00e9dico. Haz clic aqu\u00ed para consultar nuestra Gu\u00eda completa del gen DEAF1 La Gu\u00eda Gen\u00e9tica online incluye m\u00e1s informaci\u00f3n sobre la DEAF1, como la probabilidad de tener otro hijo con esta afecci\u00f3n, los [&hellip;]<\/p>\n","protected":false},"author":6,"featured_media":0,"parent":18254,"menu_order":0,"comment_status":"closed","ping_status":"closed","template":"page-gene-card.php","meta":{"_acf_changed":false,"_relevanssi_hide_post":"","_relevanssi_hide_content":"","_relevanssi_pin_for_all":"","_relevanssi_pin_keywords":"","_relevanssi_unpin_keywords":"","_relevanssi_related_keywords":"","_relevanssi_related_include_ids":"","_relevanssi_related_exclude_ids":"","_relevanssi_related_no_append":"","_relevanssi_related_not_related":"","_relevanssi_related_posts":"","_relevanssi_noindex_reason":"","footnotes":""},"acf":[],"_links":{"self":[{"href":"https:\/\/www.simonssearchlight.org\/es\/wp-json\/wp\/v2\/pages\/19057"}],"collection":[{"href":"https:\/\/www.simonssearchlight.org\/es\/wp-json\/wp\/v2\/pages"}],"about":[{"href":"https:\/\/www.simonssearchlight.org\/es\/wp-json\/wp\/v2\/types\/page"}],"author":[{"embeddable":true,"href":"https:\/\/www.simonssearchlight.org\/es\/wp-json\/wp\/v2\/users\/6"}],"replies":[{"embeddable":true,"href":"https:\/\/www.simonssearchlight.org\/es\/wp-json\/wp\/v2\/comments?post=19057"}],"version-history":[{"count":6,"href":"https:\/\/www.simonssearchlight.org\/es\/wp-json\/wp\/v2\/pages\/19057\/revisions"}],"predecessor-version":[{"id":78894,"href":"https:\/\/www.simonssearchlight.org\/es\/wp-json\/wp\/v2\/pages\/19057\/revisions\/78894"}],"up":[{"embeddable":true,"href":"https:\/\/www.simonssearchlight.org\/es\/wp-json\/wp\/v2\/pages\/18254"}],"wp:attachment":[{"href":"https:\/\/www.simonssearchlight.org\/es\/wp-json\/wp\/v2\/media?parent=19057"}],"curies":[{"name":"wp","href":"https:\/\/api.w.org\/{rel}","templated":true}]}}